{"id":250158,"date":"2023-02-09T04:36:36","date_gmt":"2023-02-09T04:36:36","guid":{"rendered":"https:\/\/arenalmanoa.com\/junior-suite\/"},"modified":"2026-08-19T16:26:51","modified_gmt":"2026-08-19T16:26:51","slug":"junior-suite","status":"publish","type":"page","link":"https:\/\/arenalmanoa.com\/fr\/suites\/junior-suite\/","title":{"rendered":"CHAMBRES JUNIOR"},"content":{"rendered":"<p>[et_pb_section fb_built=\u00a0\u00bb1&Prime; _builder_version=\u00a0\u00bb4.27.7&Prime; _module_preset=\u00a0\u00bbdefault\u00a0\u00bb background_color=\u00a0\u00bbRGBA(255,255,255,0)\u00a0\u00bb background_image=\u00a0\u00bbhttps:\/\/arenalmanoa.com\/wp-content\/uploads\/2026\/08\/Arenal-Manoa-Junior-Room-scaled.webp\u00a0\u00bb module_alignment=\u00a0\u00bbcenter\u00a0\u00bb height=\u00a0\u00bb80vh\u00a0\u00bb custom_margin=\u00a0\u00bb0px||0px||false|false\u00a0\u00bb hover_enabled=\u00a0\u00bb0&Prime; custom_css_free_form=\u00a0\u00bbselector{||      display: flex !important;||    align-items: flex-end;||    padding-bottom: 2%;||}\u00a0\u00bb da_disable_devices=\u00a0\u00bboff|off|off\u00a0\u00bb locked=\u00a0\u00bboff\u00a0\u00bb global_colors_info=\u00a0\u00bb{}\u00a0\u00bb title_text=\u00a0\u00bbArenal Manoa Junior Room\u00a0\u00bb sticky_enabled=\u00a0\u00bb0&Prime; use_background_color_gradient=\u00a0\u00bbon\u00a0\u00bb background_color_gradient_stops=\u00a0\u00bbrgba(43,135,218,0) 0%|rgba(10,2,2,0.68) 100%\u00a0\u00bb background_color_gradient_overlays_image=\u00a0\u00bbon\u00a0\u00bb da_is_popup=\u00a0\u00bboff\u00a0\u00bb da_exit_intent=\u00a0\u00bboff\u00a0\u00bb da_has_close=\u00a0\u00bbon\u00a0\u00bb da_alt_close=\u00a0\u00bboff\u00a0\u00bb da_dark_close=\u00a0\u00bboff\u00a0\u00bb da_not_modal=\u00a0\u00bbon\u00a0\u00bb da_is_singular=\u00a0\u00bboff\u00a0\u00bb da_with_loader=\u00a0\u00bboff\u00a0\u00bb da_has_shadow=\u00a0\u00bbon\u00a0\u00bb][et_pb_row _builder_version=\u00a0\u00bb4.27.7&Prime; _module_preset=\u00a0\u00bbdefault\u00a0\u00bb module_alignment=\u00a0\u00bbcenter\u00a0\u00bb custom_margin=\u00a0\u00bb0px||0px||false|false\u00a0\u00bb custom_padding=\u00a0\u00bb0px||0px|10px|false|false\u00a0\u00bb border_width_left=\u00a0\u00bb10px\u00a0\u00bb border_color_left=\u00a0\u00bb#B8D45F\u00a0\u00bb global_colors_info=\u00a0\u00bb{}\u00a0\u00bb][et_pb_column type=\u00a0\u00bb4_4&Prime; _builder_version=\u00a0\u00bb4.27.7&Prime; _module_preset=\u00a0\u00bbdefault\u00a0\u00bb global_colors_info=\u00a0\u00bb{}\u00a0\u00bb][et_pb_text _builder_version=\u00a0\u00bb4.27.7&Prime; _module_preset=\u00a0\u00bbdefault\u00a0\u00bb header_font=\u00a0\u00bb|700||on|||||\u00a0\u00bb header_text_color=\u00a0\u00bb#FFFFFF\u00a0\u00bb header_font_size=\u00a0\u00bb2.5rem\u00a0\u00bb global_colors_info=\u00a0\u00bb{}\u00a0\u00bb]<\/p>\n<h1>D\u00e9couvrez nos magnifiques <br \/>Chambres Junior<\/h1>\n<p>[\/et_pb_text][\/et_pb_column][\/et_pb_row][\/et_pb_section][et_pb_section fb_built=\u00a0\u00bb1&Prime; admin_label=\u00a0\u00bbWhite intro\u00a0\u00bb _builder_version=\u00a0\u00bb4.21.0&Prime; _module_preset=\u00a0\u00bbdefault\u00a0\u00bb background_color=\u00a0\u00bb#FFFFFF\u00a0\u00bb custom_margin=\u00a0\u00bb0px||0px||false|false\u00a0\u00bb custom_padding=\u00a0\u00bb0px||0px||false|false\u00a0\u00bb da_disable_devices=\u00a0\u00bboff|off|off\u00a0\u00bb global_colors_info=\u00a0\u00bb{}\u00a0\u00bb da_is_popup=\u00a0\u00bboff\u00a0\u00bb da_exit_intent=\u00a0\u00bboff\u00a0\u00bb da_has_close=\u00a0\u00bbon\u00a0\u00bb da_alt_close=\u00a0\u00bboff\u00a0\u00bb da_dark_close=\u00a0\u00bboff\u00a0\u00bb da_not_modal=\u00a0\u00bbon\u00a0\u00bb da_is_singular=\u00a0\u00bboff\u00a0\u00bb da_with_loader=\u00a0\u00bboff\u00a0\u00bb da_has_shadow=\u00a0\u00bbon\u00a0\u00bb][et_pb_row column_structure=\u00a0\u00bb1_3,1_3,1_3&Prime; _builder_version=\u00a0\u00bb4.27.4&Prime; _module_preset=\u00a0\u00bbdefault\u00a0\u00bb z_index=\u00a0\u00bb1&Prime; custom_margin=\u00a0\u00bb70px||||false|false\u00a0\u00bb custom_margin_tablet=\u00a0\u00bb80px||||false|false\u00a0\u00bb custom_margin_phone=\u00a0\u00bb120px||||false|false\u00a0\u00bb custom_margin_last_edited=\u00a0\u00bbon|phone\u00a0\u00bb custom_padding=\u00a0\u00bb0px||0px||false|false\u00a0\u00bb global_colors_info=\u00a0\u00bb{}\u00a0\u00bb][et_pb_column type=\u00a0\u00bb1_3&Prime; _builder_version=\u00a0\u00bb4.27.7&Prime; _module_preset=\u00a0\u00bbdefault\u00a0\u00bb global_colors_info=\u00a0\u00bb{}\u00a0\u00bb][et_pb_text _builder_version=\u00a0\u00bb4.27.7&Prime; _module_preset=\u00a0\u00bbdefault\u00a0\u00bb header_font=\u00a0\u00bbBarlow|200||on|||||\u00a0\u00bb header_text_color=\u00a0\u00bb#434D57&Prime; header_font_size=\u00a0\u00bb40px\u00a0\u00bb header_letter_spacing=\u00a0\u00bb0.05em\u00a0\u00bb header_line_height=\u00a0\u00bb48px\u00a0\u00bb z_index=\u00a0\u00bb0&Prime; custom_padding=\u00a0\u00bb||10px||false|false\u00a0\u00bb border_width_bottom=\u00a0\u00bb4px\u00a0\u00bb border_color_bottom=\u00a0\u00bb#B8D45F\u00a0\u00bb global_colors_info=\u00a0\u00bb{}\u00a0\u00bb]<\/p>\n<h1><span style=\"color: #b8d45f; font-weight: bold; letter-spacing: 0.05em;\">CHAMBRES <\/span>JUNIOR<\/h1>\n<p><\/p>\n<p>D\u00e9couvrez le charme et la tranquillit\u00e9 de notre Chambre Junior, o\u00f9 le confort rencontre la nature. Ces chambres sont pens\u00e9es avec soin pour offrir une retraite paisible, entour\u00e9es d&rsquo;arbres luxuriants et de jardins joliment entretenus, cr\u00e9ant une \u00e9chapp\u00e9e sereine loin de l&rsquo;agitation du quotidien.<\/p>\n<p>[\/et_pb_text][\/et_pb_column][et_pb_column type=\u00a0\u00bb1_3&Prime; _builder_version=\u00a0\u00bb4.20.2&Prime; _module_preset=\u00a0\u00bbdefault\u00a0\u00bb global_colors_info=\u00a0\u00bb{}\u00a0\u00bb][et_pb_text _builder_version=\u00a0\u00bb4.27.7&Prime; _module_preset=\u00a0\u00bbdefault\u00a0\u00bb text_font=\u00a0\u00bbBarlow|300|||||||\u00a0\u00bb text_text_color=\u00a0\u00bb#434D57&Prime; text_font_size=\u00a0\u00bb20px\u00a0\u00bb text_letter_spacing=\u00a0\u00bb0.03em\u00a0\u00bb text_line_height=\u00a0\u00bb24px\u00a0\u00bb z_index=\u00a0\u00bb0&Prime; text_orientation=\u00a0\u00bbjustified\u00a0\u00bb custom_css_free_form=\u00a0\u00bbselector ul li{||  margin-bottom: 15px;||}\u00a0\u00bb global_colors_info=\u00a0\u00bb{}\u00a0\u00bb]<\/p>\n<p style=\"text-align: left;\"><strong>Les \u00e9quipements de la chambre comprennent :<\/strong><\/p>\n<p><\/p>\n<ul>\n<li>Lits queen size douillets<\/li>\n<p><\/p>\n<li>Climatisation<\/li>\n<p><\/p>\n<li>Wi-Fi gratuit<\/li>\n<p><\/p>\n<li>T\u00e9l\u00e9vision \u00e0 \u00e9cran plat avec c\u00e2ble<\/li>\n<p><\/p>\n<li>Cafeti\u00e8re<\/li>\n<p>\n<\/ul>\n<p>[\/et_pb_text][\/et_pb_column][et_pb_column type=\u00a0\u00bb1_3&Prime; _builder_version=\u00a0\u00bb4.20.2&Prime; _module_preset=\u00a0\u00bbdefault\u00a0\u00bb global_colors_info=\u00a0\u00bb{}\u00a0\u00bb][et_pb_text _builder_version=\u00a0\u00bb4.27.7&Prime; _module_preset=\u00a0\u00bbdefault\u00a0\u00bb text_font=\u00a0\u00bbBarlow|300|||||||\u00a0\u00bb text_text_color=\u00a0\u00bb#434D57&Prime; text_font_size=\u00a0\u00bb20px\u00a0\u00bb text_letter_spacing=\u00a0\u00bb0.03em\u00a0\u00bb text_line_height=\u00a0\u00bb24px\u00a0\u00bb z_index=\u00a0\u00bb0&Prime; text_orientation=\u00a0\u00bbjustified\u00a0\u00bb custom_css_free_form=\u00a0\u00bbselector ul li{||  margin-bottom: 15px;||}\u00a0\u00bb global_colors_info=\u00a0\u00bb{}\u00a0\u00bb]<\/p>\n<ul>\n<li>Coffre-fort<\/li>\n<p><\/p>\n<li>Mini r\u00e9frig\u00e9rateur<\/li>\n<p><\/p>\n<li>S\u00e8che-cheveux<\/li>\n<p><\/p>\n<li>Acc\u00e8s pour fauteuil roulant<\/li>\n<p><\/p>\n<li>Terrasse priv\u00e9e meubl\u00e9e<\/li>\n<p><\/p>\n<li>Parking gratuit \u00e0 proximit\u00e9 de la chambre.<\/li>\n<p>\n<\/ul>\n<p>[\/et_pb_text][\/et_pb_column][\/et_pb_row][et_pb_row _builder_version=\u00a0\u00bb4.27.7&Prime; _module_preset=\u00a0\u00bbdefault\u00a0\u00bb locked=\u00a0\u00bboff\u00a0\u00bb global_colors_info=\u00a0\u00bb{}\u00a0\u00bb][et_pb_column type=\u00a0\u00bb4_4&Prime; _builder_version=\u00a0\u00bb4.20.2&Prime; _module_preset=\u00a0\u00bbdefault\u00a0\u00bb global_colors_info=\u00a0\u00bb{}\u00a0\u00bb][et_pb_slider _builder_version=\u00a0\u00bb4.27.4&Prime; _module_preset=\u00a0\u00bbdefault\u00a0\u00bb min_height=\u00a0\u00bb65vh\u00a0\u00bb animation_style=\u00a0\u00bbfade\u00a0\u00bb animation_duration=\u00a0\u00bb1500ms\u00a0\u00bb auto=\u00a0\u00bbon\u00a0\u00bb auto_speed=\u00a0\u00bb10000&Prime; global_colors_info=\u00a0\u00bb{}\u00a0\u00bb][et_pb_slide admin_title=\u00a0\u00bbPhoto 1&Prime; _builder_version=\u00a0\u00bb4.27.4&Prime; _module_preset=\u00a0\u00bbdefault\u00a0\u00bb background_enable_color=\u00a0\u00bboff\u00a0\u00bb background_image=\u00a0\u00bbhttps:\/\/arenalmanoa.com\/wp-content\/uploads\/2024\/12\/Superior-suite-Arenal-Manoa-Costa-Rica-1.webp\u00a0\u00bb background_enable_image=\u00a0\u00bbon\u00a0\u00bb global_colors_info=\u00a0\u00bb{}\u00a0\u00bb sticky_transition=\u00a0\u00bbon\u00a0\u00bb][\/et_pb_slide][et_pb_slide admin_title=\u00a0\u00bbPhoto 1&Prime; _builder_version=\u00a0\u00bb4.27.4&Prime; _module_preset=\u00a0\u00bbdefault\u00a0\u00bb background_enable_color=\u00a0\u00bboff\u00a0\u00bb background_image=\u00a0\u00bbhttps:\/\/arenalmanoa.com\/wp-content\/uploads\/2024\/12\/Superior-suite-Arenal-Manoa-Costa-Rica-2.webp\u00a0\u00bb background_enable_image=\u00a0\u00bbon\u00a0\u00bb global_colors_info=\u00a0\u00bb{}\u00a0\u00bb sticky_transition=\u00a0\u00bbon\u00a0\u00bb][\/et_pb_slide][et_pb_slide admin_title=\u00a0\u00bbPhoto 1&Prime; _builder_version=\u00a0\u00bb4.27.4&Prime; _module_preset=\u00a0\u00bbdefault\u00a0\u00bb background_enable_color=\u00a0\u00bboff\u00a0\u00bb background_image=\u00a0\u00bbhttps:\/\/arenalmanoa.com\/wp-content\/uploads\/2024\/12\/Superior-suite-Arenal-Manoa-Costa-Rica-3.webp\u00a0\u00bb background_enable_image=\u00a0\u00bbon\u00a0\u00bb global_colors_info=\u00a0\u00bb{}\u00a0\u00bb sticky_transition=\u00a0\u00bbon\u00a0\u00bb][\/et_pb_slide][et_pb_slide admin_title=\u00a0\u00bbPhoto 1&Prime; _builder_version=\u00a0\u00bb4.27.4&Prime; _module_preset=\u00a0\u00bbdefault\u00a0\u00bb background_enable_color=\u00a0\u00bboff\u00a0\u00bb background_image=\u00a0\u00bbhttps:\/\/arenalmanoa.com\/wp-content\/uploads\/2024\/12\/Superior-suite-Arenal-Manoa-Costa-Rica-4.webp\u00a0\u00bb background_enable_image=\u00a0\u00bbon\u00a0\u00bb global_colors_info=\u00a0\u00bb{}\u00a0\u00bb sticky_transition=\u00a0\u00bbon\u00a0\u00bb][\/et_pb_slide][\/et_pb_slider][\/et_pb_column][\/et_pb_row][\/et_pb_section][et_pb_section fb_built=\u00a0\u00bb1&Prime; admin_label=\u00a0\u00bbOther categories section\u00a0\u00bb module_id=\u00a0\u00bbsite\u00a0\u00bb _builder_version=\u00a0\u00bb4.20.2&Prime; _module_preset=\u00a0\u00bbdefault\u00a0\u00bb background_color=\u00a0\u00bb#FFFFFF\u00a0\u00bb custom_margin=\u00a0\u00bb0px||||false|false\u00a0\u00bb custom_padding=\u00a0\u00bb0px||||false|false\u00a0\u00bb da_disable_devices=\u00a0\u00bboff|off|off\u00a0\u00bb locked=\u00a0\u00bboff\u00a0\u00bb global_colors_info=\u00a0\u00bb{}\u00a0\u00bb da_is_popup=\u00a0\u00bboff\u00a0\u00bb da_exit_intent=\u00a0\u00bboff\u00a0\u00bb da_has_close=\u00a0\u00bbon\u00a0\u00bb da_alt_close=\u00a0\u00bboff\u00a0\u00bb da_dark_close=\u00a0\u00bboff\u00a0\u00bb da_not_modal=\u00a0\u00bbon\u00a0\u00bb da_is_singular=\u00a0\u00bboff\u00a0\u00bb da_with_loader=\u00a0\u00bboff\u00a0\u00bb da_has_shadow=\u00a0\u00bbon\u00a0\u00bb][et_pb_row disabled_on=\u00a0\u00bboff|off|off\u00a0\u00bb admin_label=\u00a0\u00bbOther sections title\u00a0\u00bb _builder_version=\u00a0\u00bb4.27.7&Prime; _module_preset=\u00a0\u00bbdefault\u00a0\u00bb positioning=\u00a0\u00bbnone\u00a0\u00bb position_origin_a=\u00a0\u00bbcenter_center\u00a0\u00bb vertical_offset=\u00a0\u00bb20px\u00a0\u00bb z_index=\u00a0\u00bb1&Prime; custom_margin=\u00a0\u00bb0px||0px||false|false\u00a0\u00bb custom_padding=\u00a0\u00bb0px||0px||false|false\u00a0\u00bb global_colors_info=\u00a0\u00bb{}\u00a0\u00bb][et_pb_column type=\u00a0\u00bb4_4&Prime; _builder_version=\u00a0\u00bb4.27.7&Prime; _module_preset=\u00a0\u00bbdefault\u00a0\u00bb global_colors_info=\u00a0\u00bb{}\u00a0\u00bb][et_pb_text admin_label=\u00a0\u00bbHotel name &#038; description\u00a0\u00bb _builder_version=\u00a0\u00bb4.27.7&Prime; _module_preset=\u00a0\u00bbdefault\u00a0\u00bb text_font=\u00a0\u00bbBarlow|300|||||||\u00a0\u00bb text_text_color=\u00a0\u00bb#434D57&Prime; text_font_size=\u00a0\u00bb20px\u00a0\u00bb text_letter_spacing=\u00a0\u00bb0.5px\u00a0\u00bb text_line_height=\u00a0\u00bb1.2em\u00a0\u00bb header_font=\u00a0\u00bbBarlow||||||||\u00a0\u00bb header_text_align=\u00a0\u00bbcenter\u00a0\u00bb header_text_color=\u00a0\u00bb#434D57&Prime; header_font_size=\u00a0\u00bb39px\u00a0\u00bb header_letter_spacing=\u00a0\u00bb0.2em\u00a0\u00bb header_line_height=\u00a0\u00bb48px\u00a0\u00bb header_2_font=\u00a0\u00bbBarlow|200|||||||\u00a0\u00bb header_2_font_size=\u00a0\u00bb32px\u00a0\u00bb header_2_letter_spacing=\u00a0\u00bb0.03em\u00a0\u00bb header_2_line_height=\u00a0\u00bb1.1em\u00a0\u00bb z_index=\u00a0\u00bb1&Prime; custom_margin=\u00a0\u00bb40px||||false|false\u00a0\u00bb custom_margin_tablet=\u00a0\u00bb||||false|false\u00a0\u00bb custom_margin_phone=\u00a0\u00bb||||false|false\u00a0\u00bb custom_margin_last_edited=\u00a0\u00bbon|phone\u00a0\u00bb header_font_size_tablet=\u00a0\u00bb39px\u00a0\u00bb header_font_size_phone=\u00a0\u00bb24px\u00a0\u00bb header_font_size_last_edited=\u00a0\u00bbon|phone\u00a0\u00bb header_line_height_tablet=\u00a0\u00bb48px\u00a0\u00bb header_line_height_phone=\u00a0\u00bb32px\u00a0\u00bb header_line_height_last_edited=\u00a0\u00bbon|desktop\u00a0\u00bb header_2_letter_spacing_tablet=\u00a0\u00bb0.03em\u00a0\u00bb header_2_letter_spacing_phone=\u00a0\u00bb0.03em\u00a0\u00bb header_2_letter_spacing_last_edited=\u00a0\u00bbon|phone\u00a0\u00bb global_colors_info=\u00a0\u00bb{}\u00a0\u00bb]<\/p>\n<h2 style=\"font-weight: 200; margin-bottom: 30px; text-align: left;\"><span style=\"color: #99cc00;\"><strong>NOS CLIENTS<\/strong><\/span> ALSO  ONT AUSSI EXPLOR\u00c9 D&rsquo;AUTRES OPTIONS<\/h2>\n<p>[\/et_pb_text][\/et_pb_column][\/et_pb_row][et_pb_row column_structure=\u00a0\u00bb1_3,1_3,1_3&Prime; disabled_on=\u00a0\u00bboff|off|off\u00a0\u00bb admin_label=\u00a0\u00bbMobile room cards container\u00a0\u00bb _builder_version=\u00a0\u00bb4.27.7&Prime; _module_preset=\u00a0\u00bbdefault\u00a0\u00bb locked=\u00a0\u00bboff\u00a0\u00bb global_colors_info=\u00a0\u00bb{}\u00a0\u00bb][et_pb_column type=\u00a0\u00bb1_3&Prime; _builder_version=\u00a0\u00bb4.27.7&Prime; _module_preset=\u00a0\u00bbdefault\u00a0\u00bb background_color=\u00a0\u00bbRGBA(255,255,255,0)\u00a0\u00bb link_option_url=\u00a0\u00bbhttps:\/\/arenalmanoa.com\/fr\/suites\/premium-suite\/\u00a0\u00bb global_colors_info=\u00a0\u00bb{}\u00a0\u00bb][et_pb_image src=\u00a0\u00bbhttps:\/\/arenalmanoa.com\/wp-content\/uploads\/2024\/12\/Premium-suite-Arenal-Manoa-Costa-Rica-1.webp\u00a0\u00bb _builder_version=\u00a0\u00bb4.27.7&Prime; _module_preset=\u00a0\u00bbdefault\u00a0\u00bb custom_margin=\u00a0\u00bb||2%||false|false\u00a0\u00bb global_colors_info=\u00a0\u00bb{}\u00a0\u00bb][\/et_pb_image][et_pb_text _builder_version=\u00a0\u00bb4.27.7&Prime; _module_preset=\u00a0\u00bbdefault\u00a0\u00bb text_font=\u00a0\u00bb|700|||||||\u00a0\u00bb text_text_color=\u00a0\u00bb#434D57&Prime; text_font_size=\u00a0\u00bb20px\u00a0\u00bb custom_padding=\u00a0\u00bb|||5px|false|false\u00a0\u00bb global_colors_info=\u00a0\u00bb{}\u00a0\u00bb]<\/p>\n<p><strong>Chambres Premium<\/strong><\/p>\n<p>[\/et_pb_text][\/et_pb_column][et_pb_column type=\u00a0\u00bb1_3&Prime; _builder_version=\u00a0\u00bb4.27.7&Prime; _module_preset=\u00a0\u00bbdefault\u00a0\u00bb background_color=\u00a0\u00bbRGBA(255,255,255,0)\u00a0\u00bb link_option_url=\u00a0\u00bbhttps:\/\/arenalmanoa.com\/fr\/suites\/chato-suite\/\u00a0\u00bb global_colors_info=\u00a0\u00bb{}\u00a0\u00bb][et_pb_image src=\u00a0\u00bbhttps:\/\/arenalmanoa.com\/wp-content\/uploads\/2024\/12\/Chato-suite-Arenal-Manoa-Costa-Rica-2.webp\u00a0\u00bb title_text=\u00a0\u00bbChato-suite-Arenal-Manoa-Costa-Rica-2&Prime; _builder_version=\u00a0\u00bb4.27.7&Prime; _module_preset=\u00a0\u00bbdefault\u00a0\u00bb custom_margin=\u00a0\u00bb||2%||false|false\u00a0\u00bb global_colors_info=\u00a0\u00bb{}\u00a0\u00bb][\/et_pb_image][et_pb_text _builder_version=\u00a0\u00bb4.27.7&Prime; _module_preset=\u00a0\u00bbdefault\u00a0\u00bb text_font=\u00a0\u00bb|700|||||||\u00a0\u00bb text_text_color=\u00a0\u00bb#434D57&Prime; text_font_size=\u00a0\u00bb20px\u00a0\u00bb custom_padding=\u00a0\u00bb|||5px|false|false\u00a0\u00bb global_colors_info=\u00a0\u00bb{}\u00a0\u00bb]<\/p>\n<p><strong>Chambres Chato<\/strong><\/p>\n<p>[\/et_pb_text][\/et_pb_column][et_pb_column type=\u00a0\u00bb1_3&Prime; _builder_version=\u00a0\u00bb4.27.7&Prime; _module_preset=\u00a0\u00bbdefault\u00a0\u00bb background_color=\u00a0\u00bbRGBA(255,255,255,0)\u00a0\u00bb link_option_url=\u00a0\u00bbhttps:\/\/arenalmanoa.com\/fr\/suites\/junior-suite-plus\/\u00a0\u00bb global_colors_info=\u00a0\u00bb{}\u00a0\u00bb][et_pb_image src=\u00a0\u00bbhttps:\/\/arenalmanoa.com\/wp-content\/uploads\/2025\/02\/arenal-manoa-junior-suite-costa-rica-hotel.webp\u00a0\u00bb alt=\u00a0\u00bbJunior suite with 2 Queen beds and garden view in Arenal Manoa Hot Springs Resort\u00a0\u00bb title_text=\u00a0\u00bbJunior suite with 2 Queen beds and garden view\u00a0\u00bb _builder_version=\u00a0\u00bb4.27.7&Prime; _module_preset=\u00a0\u00bbdefault\u00a0\u00bb custom_margin=\u00a0\u00bb||2%||false|false\u00a0\u00bb global_colors_info=\u00a0\u00bb{}\u00a0\u00bb][\/et_pb_image][et_pb_text _builder_version=\u00a0\u00bb4.27.7&Prime; _module_preset=\u00a0\u00bbdefault\u00a0\u00bb text_font=\u00a0\u00bb|700|||||||\u00a0\u00bb text_text_color=\u00a0\u00bb#434D57&Prime; text_font_size=\u00a0\u00bb20px\u00a0\u00bb custom_padding=\u00a0\u00bb|||5px|false|false\u00a0\u00bb global_colors_info=\u00a0\u00bb{}\u00a0\u00bb]<\/p>\n<p><strong>Junior Room Plus<\/strong><\/p>\n<p>[\/et_pb_text][\/et_pb_column][\/et_pb_row][\/et_pb_section]<\/p>\n","protected":false},"excerpt":{"rendered":"<p>D\u00e9couvrez nos magnifiques Chambres JuniorCHAMBRES JUNIORD\u00e9couvrez le charme et la tranquillit\u00e9 de notre Chambre Junior, o\u00f9 le confort rencontre la nature. Ces chambres sont pens\u00e9es avec soin pour offrir une retraite paisible, entour\u00e9es d&rsquo;arbres luxuriants et de jardins joliment entretenus, cr\u00e9ant une \u00e9chapp\u00e9e sereine loin de l&rsquo;agitation du quotidien.Les \u00e9quipements de la chambre comprennent : [&hellip;]<\/p>\n","protected":false},"author":1,"featured_media":0,"parent":249327,"menu_order":0,"comment_status":"closed","ping_status":"closed","template":"","meta":{"_acf_changed":false,"_et_pb_use_builder":"on","_et_pb_old_content":"","_et_gb_content_width":"","ngg_post_thumbnail":0,"footnotes":""},"sustainability-manoa":[],"class_list":["post-250158","page","type-page","status-publish","hentry"],"acf":[],"_links":{"self":[{"href":"https:\/\/arenalmanoa.com\/fr\/wp-json\/wp\/v2\/pages\/250158","targetHints":{"allow":["GET"]}}],"collection":[{"href":"https:\/\/arenalmanoa.com\/fr\/wp-json\/wp\/v2\/pages"}],"about":[{"href":"https:\/\/arenalmanoa.com\/fr\/wp-json\/wp\/v2\/types\/page"}],"author":[{"embeddable":true,"href":"https:\/\/arenalmanoa.com\/fr\/wp-json\/wp\/v2\/users\/1"}],"replies":[{"embeddable":true,"href":"https:\/\/arenalmanoa.com\/fr\/wp-json\/wp\/v2\/comments?post=250158"}],"version-history":[{"count":9,"href":"https:\/\/arenalmanoa.com\/fr\/wp-json\/wp\/v2\/pages\/250158\/revisions"}],"predecessor-version":[{"id":255444,"href":"https:\/\/arenalmanoa.com\/fr\/wp-json\/wp\/v2\/pages\/250158\/revisions\/255444"}],"up":[{"embeddable":true,"href":"https:\/\/arenalmanoa.com\/fr\/wp-json\/wp\/v2\/pages\/249327"}],"wp:attachment":[{"href":"https:\/\/arenalmanoa.com\/fr\/wp-json\/wp\/v2\/media?parent=250158"}],"wp:term":[{"taxonomy":"sustainability-manoa","embeddable":true,"href":"https:\/\/arenalmanoa.com\/fr\/wp-json\/wp\/v2\/sustainability-manoa?post=250158"}],"curies":[{"name":"wp","href":"https:\/\/api.w.org\/{rel}","templated":true}]}}